{"id":3443,"date":"2019-11-13T11:42:29","date_gmt":"2019-11-13T10:42:29","guid":{"rendered":"https:\/\/haus-schwarzenberg.org\/?page_id=3443"},"modified":"2021-01-27T16:36:08","modified_gmt":"2021-01-27T15:36:08","slug":"bandeapart","status":"publish","type":"page","link":"https:\/\/haus-schwarzenberg.org\/en\/die-mieter\/bandeapart\/","title":{"rendered":"Bande \u00e1 Part"},"content":{"rendered":"<figure id=\"attachment_3533\" aria-describedby=\"caption-attachment-3533\" style=\"width: 300px\" class=\"wp-caption alignnone\"><img loading=\"lazy\" decoding=\"async\" class=\"size-medium wp-image-3533\" src=\"https:\/\/haus-schwarzenberg.org\/wp-content\/uploads\/dunkler-300x199.jpg\" alt=\"\" width=\"300\" height=\"199\" srcset=\"https:\/\/haus-schwarzenberg.org\/wp-content\/uploads\/dunkler-300x199.jpg 300w, https:\/\/haus-schwarzenberg.org\/wp-content\/uploads\/dunkler-1024x678.jpg 1024w, https:\/\/haus-schwarzenberg.org\/wp-content\/uploads\/dunkler-768x509.jpg 768w, https:\/\/haus-schwarzenberg.org\/wp-content\/uploads\/dunkler-1536x1017.jpg 1536w, https:\/\/haus-schwarzenberg.org\/wp-content\/uploads\/dunkler.jpg 1800w\" sizes=\"auto, (max-width: 300px) 100vw, 300px\" \/><figcaption id=\"caption-attachment-3533\" class=\"wp-caption-text\">Foto: Henryk Weiffenbach<\/figcaption><\/figure>\n<p><strong>Bande \u00e1 Part<\/strong> (Veranstaltung | K\u00fcnstleragentur | Produktionen)<\/p>\n<p>Innovativ setzt Bande \u00e1 Part ein Zeichen f\u00fcr freie Kunst &amp; macht sich eine Au\u00dfenposition unabh\u00e4ngiger Kultur &#8211; &amp; Kunstprojekte, die in Zeiten zunehmender Gentrifizierung immer mehr ins Abseits r\u00fccken, spielerisch zu eigen. Das Programm ist vielf\u00e4ltig, \u00fcberraschend und genre\u00fcbergreifend.<\/p>\n<p>Die T\u00e4nzerin Caroline Gerbeckx etablierte die Reihe bereits 2011 und leitet sie bei anhaltender Nachfrage \u2013 im Eschschloraque, gelegen im unabh\u00e4ngigen Kulturhaus Haus Schwarzenberg, schl\u00e4gt die Au\u00dfenposition in einen produktiven Gegenpart um, der seit den 1990er Jahren als Oase k\u00fcnstlerischer Vielfalt bekannt ist.<\/p>\n<p><em>Text: Dr. Vera Fischer<br \/>\n<\/em><\/p>\n<p><a href=\"http:\/\/www.bande-a-part.de\">bande-a-part.de<\/a><\/p>\n<p><a href=\"http:\/\/www.facebook.com\/bande.a.part.eschschloraque\">facebook.com\/bande.a.part.eschschloraque<\/a><br \/>\n<a href=\"http:\/\/www.instagram.com\/bande_a_part_berlin\">instagram.com\/bande_a_part_berlin<\/a><\/p>\n<p>&nbsp;<\/p>\n<p>&nbsp;<\/p>","protected":false},"excerpt":{"rendered":"<p>Bande \u00e1 Part (Veranstaltung | K\u00fcnstleragentur | Produktionen) Innovativ setzt Bande \u00e1 Part ein Zeichen f\u00fcr freie Kunst &amp; macht sich eine Au\u00dfenposition unabh\u00e4ngiger Kultur &#8211; &amp; Kunstprojekte, die in Zeiten zunehmender Gentrifizierung immer mehr ins Abseits r\u00fccken, spielerisch zu eigen. Das Programm ist vielf\u00e4ltig, \u00fcberraschend und genre\u00fcbergreifend. Die T\u00e4nzerin Caroline Gerbeckx etablierte die Reihe &hellip; <a href=\"https:\/\/haus-schwarzenberg.org\/en\/die-mieter\/bandeapart\/\" class=\"more-link\">Continue reading <span class=\"screen-reader-text\">Bande \u00e1 Part<\/span> <span class=\"meta-nav\">&rarr;<\/span><\/a><\/p>","protected":false},"author":3,"featured_media":0,"parent":420,"menu_order":14,"comment_status":"closed","ping_status":"closed","template":"","meta":{"footnotes":"","_links_to":"","_links_to_target":""},"class_list":["post-3443","page","type-page","status-publish","hentry"],"_links":{"self":[{"href":"https:\/\/haus-schwarzenberg.org\/en\/wp-json\/wp\/v2\/pages\/3443","targetHints":{"allow":["GET"]}}],"collection":[{"href":"https:\/\/haus-schwarzenberg.org\/en\/wp-json\/wp\/v2\/pages"}],"about":[{"href":"https:\/\/haus-schwarzenberg.org\/en\/wp-json\/wp\/v2\/types\/page"}],"author":[{"embeddable":true,"href":"https:\/\/haus-schwarzenberg.org\/en\/wp-json\/wp\/v2\/users\/3"}],"replies":[{"embeddable":true,"href":"https:\/\/haus-schwarzenberg.org\/en\/wp-json\/wp\/v2\/comments?post=3443"}],"version-history":[{"count":4,"href":"https:\/\/haus-schwarzenberg.org\/en\/wp-json\/wp\/v2\/pages\/3443\/revisions"}],"predecessor-version":[{"id":3449,"href":"https:\/\/haus-schwarzenberg.org\/en\/wp-json\/wp\/v2\/pages\/3443\/revisions\/3449"}],"up":[{"embeddable":true,"href":"https:\/\/haus-schwarzenberg.org\/en\/wp-json\/wp\/v2\/pages\/420"}],"wp:attachment":[{"href":"https:\/\/haus-schwarzenberg.org\/en\/wp-json\/wp\/v2\/media?parent=3443"}],"curies":[{"name":"wp","href":"https:\/\/api.w.org\/{rel}","templated":true}]}}